{"id":6,"date":"2024-02-05T16:51:51","date_gmt":"2024-02-05T15:51:51","guid":{"rendered":"https:\/\/futurgold.com\/eche\/?page_id=6"},"modified":"2024-02-05T16:51:51","modified_gmt":"2024-02-05T15:51:51","slug":"lebend-eches-bio","status":"publish","type":"page","link":"https:\/\/www.eche.at\/en\/lebend-eches-bio\/","title":{"rendered":"lebend &#8211; Eches Bio"},"content":{"rendered":"<figure class=\"wp-block-image size-full\"><img loading=\"lazy\" decoding=\"async\" width=\"800\" height=\"500\" src=\"http:\/\/www.eche.at\/wp-content\/uploads\/2024\/02\/a_3.jpg\" alt=\"\" class=\"wp-image-8\" srcset=\"https:\/\/www.eche.at\/wp-content\/uploads\/2024\/02\/a_3.jpg 800w, https:\/\/www.eche.at\/wp-content\/uploads\/2024\/02\/a_3-300x188.jpg 300w, https:\/\/www.eche.at\/wp-content\/uploads\/2024\/02\/a_3-768x480.jpg 768w\" sizes=\"auto, (max-width: 800px) 100vw, 800px\" \/><\/figure>\n\n\n\n<p><strong>Malerei<\/strong>: seit 1969 malt sie sich Menschen aus!<\/p>\n\n\n\n<p>Auf Leinen seit 1997\u2013 Workshops und Ausstellungen in \u00d6sterreich, Belgien, Deutschland \u2013 Gr\u00fcndungsmitglied (2001) der Lohnzeichnergilde O\u00d6 &#8211; seit 2006 eigenes Atelier in Linz<\/p>\n\n\n\n<p><a href=\"http:\/\/www.lohnzeichnergilde.at\/\">www.lohnzeichnergilde.at<\/a><\/p>\n\n\n\n<p><\/p>\n\n\n\n<p><strong>Musik<\/strong>: seit 1969 liebt sie Musik!<\/p>\n\n\n\n<p>\u2026 und steckt unterrichtend mit dem Virus Musik an:<\/p>\n\n\n\n<p>Dozentent\u00e4tigkeit an der MUK &#8211; Musik und Kunst Privatuniversit\u00e4t der Stadt Wien im Studiengang MAE &#8211; Master of Arts Education,<\/p>\n\n\n\n<p>am Leopold-Mozart-Zentrum der Universit\u00e4t Augsburg im Studiengang Musikvermittlung\/Konzertp\u00e4dagogik<\/p>\n\n\n\n<p>und Unterrichtst\u00e4tigkeit (Blockfl\u00f6te) im Landesmusikschulwerk O\u00d6<\/p>\n\n\n\n<p>Ihre Erfahrungen gibt sie weiter an u.a. Anton Bruckner Privatuniversit\u00e4t,&nbsp;P\u00e4dagogische Hochschule Ober\u00f6sterreich, Private P\u00e4dagogische Hochschule der Di\u00f6zese Linz, Fortbildungsakademie des O\u00d6 LMW, Karstulan musiikkiviikko (Finnland) und EMCY-project<\/p>\n\n\n\n<p>\u2026 organisiert musikalische Begeisterung:<\/p>\n\n\n\n<p>seit 2005 Mitorganisation des OFF Kremsm\u00fcnster (Oboe-Fagott-Festival) \/&nbsp;<a href=\"http:\/\/www.oboe-fagott-festival.at\/\">http:\/\/www.oboe-fagott-festival.at<\/a><\/p>\n\n\n\n<p>Konzerte u.a. 2013\/14 im Lentos (Glam progressiv! \/ Glam androgyn!)<\/p>\n\n\n\n<p>\u2026 oder macht vermittelnd auf Musik neugierig:<\/p>\n\n\n\n<p>2013 M.A. mit Auszeichnung der Musikvermittlung\/Musik im Kontext an der Anton Bruckner Universit\u00e4t Linz<\/p>\n\n\n\n<p>Seit dem Projekte u.a. bei den Salzburger Pfingstfestspielen (Rossinimania) \/ Kunstmuseum Lentos (Glam!) \/ Konzept, Durchf\u00fchrung und Audio Guide der Musikvermittlungslinie im Bruckner Museum Ansfelden \/ Kunsthalle Wien (Charlemagne Palestine. GesammttkkunnsttMeshuggahhLaandtttt \/ Mehr als nur Worte \/ Florian Hecker) \/ Audioguide f\u00fcr Kinder und Jugendliche im Mozart-Wohnhaus Salzburg<\/p>\n\n\n\n<p>2016 Mitautorin in\u00a0&#8222;Musikvermittlung in Museen &#8211; Reflexionen, Konzepte und Impulse&#8220;, Helbling Verlag<\/p>\n\n\n\n<p><\/p>\n\n\n\n<p><strong>Referenzen:<\/strong><\/p>\n\n\n\n<p>Salzburger Pfingsfestspiele<\/p>\n\n\n\n<p>OFF &#8211; Oboe Fagott Festival Kremsm\u00fcnster<\/p>\n\n\n\n<p>Internationaler Violinwettbewerb Leopold Mozart<\/p>\n\n\n\n<p>Live Music Now &#8211; Augsburg<\/p>\n\n\n\n<p>Poldis Kleine Konzerte<\/p>\n\n\n\n<p>Helbling Verlag<\/p>\n\n\n\n<p>Lugert Verlag<\/p>\n\n\n\n<p>emcy &#8211; European Union of Music Competitions for Youth<\/p>\n\n\n\n<p>O\u00d6. Stiftskonzerte<\/p>\n\n\n\n<p><strong>Museen und Ausstellungsh\u00e4user<\/strong><\/p>\n\n\n\n<p>Lentos Kunstmuseum Linz<\/p>\n\n\n\n<p>Nordico Stadtmuseum Linz<\/p>\n\n\n\n<p>Anton-Bruckner-Museum Ansfelden<\/p>\n\n\n\n<p>Kunsthalle Wien<\/p>\n\n\n\n<p>Mozart-Wohnhaus Salzburg<\/p>\n\n\n\n<p><strong>Universit\u00e4ten und Hochschulen<\/strong><\/p>\n\n\n\n<p>Anton Bruckner Privatuniversit\u00e4t Linz<\/p>\n\n\n\n<p>HfM Detmold<\/p>\n\n\n\n<p>Leopold-Mozart-Zentrum der Universit\u00e4t Augsburg<\/p>\n\n\n\n<p>Musik und Kunst Privatuniversit\u00e4t der Stadt Wien<\/p>\n\n\n\n<p>Private P\u00e4dagogische Hochschule der Di\u00f6zese Linz<\/p>\n\n\n\n<p>P\u00e4dagogische Hochschule Ober\u00f6sterreich<\/p>\n\n\n\n<p>Foto: Reinhard Winkler<\/p>","protected":false},"excerpt":{"rendered":"<p>Malerei: seit 1969 malt sie sich Menschen aus! Auf Leinen seit 1997\u2013 Workshops und Ausstellungen in \u00d6sterreich, Belgien, Deutschland \u2013 Gr\u00fcndungsmitglied (2001) der Lohnzeichnergilde O\u00d6 &#8211; seit 2006 eigenes Atelier in Linz www.lohnzeichnergilde.at Musik: seit 1969 liebt sie Musik! \u2026 und steckt unterrichtend mit dem Virus Musik an: Dozentent\u00e4tigkeit an der MUK &#8211; Musik und&hellip;&nbsp;<a href=\"https:\/\/www.eche.at\/en\/lebend-eches-bio\/\" rel=\"bookmark\">Read More &raquo;<span class=\"screen-reader-text\">lebend &#8211; Eches Bio<\/span><\/a><\/p>","protected":false},"author":1,"featured_media":0,"parent":0,"menu_order":0,"comment_status":"closed","ping_status":"closed","template":"","meta":{"neve_meta_sidebar":"","neve_meta_container":"","neve_meta_enable_content_width":"","neve_meta_content_width":0,"neve_meta_title_alignment":"","neve_meta_author_avatar":"","neve_post_elements_order":"","neve_meta_disable_header":"","neve_meta_disable_footer":"","neve_meta_disable_title":"","footnotes":""},"class_list":["post-6","page","type-page","status-publish","hentry"],"_links":{"self":[{"href":"https:\/\/www.eche.at\/en\/wp-json\/wp\/v2\/pages\/6","targetHints":{"allow":["GET"]}}],"collection":[{"href":"https:\/\/www.eche.at\/en\/wp-json\/wp\/v2\/pages"}],"about":[{"href":"https:\/\/www.eche.at\/en\/wp-json\/wp\/v2\/types\/page"}],"author":[{"embeddable":true,"href":"https:\/\/www.eche.at\/en\/wp-json\/wp\/v2\/users\/1"}],"replies":[{"embeddable":true,"href":"https:\/\/www.eche.at\/en\/wp-json\/wp\/v2\/comments?post=6"}],"version-history":[{"count":1,"href":"https:\/\/www.eche.at\/en\/wp-json\/wp\/v2\/pages\/6\/revisions"}],"predecessor-version":[{"id":9,"href":"https:\/\/www.eche.at\/en\/wp-json\/wp\/v2\/pages\/6\/revisions\/9"}],"wp:attachment":[{"href":"https:\/\/www.eche.at\/en\/wp-json\/wp\/v2\/media?parent=6"}],"curies":[{"name":"wp","href":"https:\/\/api.w.org\/{rel}","templated":true}]}}